{"id":1103,"date":"2019-05-08T13:06:34","date_gmt":"2019-05-08T13:06:34","guid":{"rendered":"http:\/\/hr4free.web-romandie.ch\/?page_id=1103"},"modified":"2022-08-26T17:48:55","modified_gmt":"2022-08-26T17:48:55","slug":"identifier-et-definir-ses-valeurs-professionnelles","status":"publish","type":"page","link":"https:\/\/hr4free.com\/fr\/Management-Par-le-Coaching\/Fiches-auto-coaching-MPC\/Valeurs-professionnelles-du-cadre","title":{"rendered":"Identifier et d\u00e9finir ses valeurs professionnelles"},"content":{"rendered":"<p><span style=\"text-decoration: underline;\"><span style=\"font-family: lucida sans unicode,lucida grande,sans-serif;\"><a style=\"text-align: justify;\" href=\"https:\/\/hr4free.com\/fr\/Management-Par-le-Coaching\/Livre-MPC&#x2122;\" target=\"_blank\" rel=\"noopener noreferrer\"><img decoding=\"async\" class=\"yui-img\" style=\"margin: 5px;\" src=\"http:\/\/www.promind.ch\/sites\/default\/files\/images\/livre1.jpg\" alt=\"\" align=\"right\" \/><\/a><\/span><\/span><span style=\"font-family: lucida sans unicode,lucida grande,sans-serif;\"><span style=\"font-size: 16px;\">Dans un contexte de mondialisation et de changements \u00e9conomiques rapides, d\u00e9velopper des rep\u00e8res forts repr\u00e9sente un atout incontestable pour l&rsquo;entreprise.\u00a0Le cadre peut y contribuer en renfor\u00e7ant les valeurs professionnelles qui lui tiennent \u00e0 c\u0153ur.<\/span><\/span><\/p>\n<p><span style=\"font-family: lucida sans unicode,lucida grande,sans-serif;\"><span style=\"font-size: 16px;\">Voici sept valeurs de base pour l&rsquo;application du MPC, dont le but est d&rsquo;allier d\u00e9veloppement humain et succ\u00e8s mat\u00e9riel de l&rsquo;entreprise:<\/span><\/span><\/p>\n<ol>\n<li><span style=\"font-family: lucida sans unicode,lucida grande,sans-serif;\"><span style=\"font-size: 16px; line-height: 1.538em;\"><strong>La comp\u00e9titivit\u00e9:<\/strong> \u00ab\u00a0proposer le meilleur produit au meilleur prix\u00a0\u00bb<\/span><\/span><\/li>\n<li><span style=\"font-family: lucida sans unicode,lucida grande,sans-serif;\"><span style=\"font-size: 16px;\"><strong>La solidarit\u00e9:<\/strong> \u00ab\u00a0tirer \u00e0 la m\u00eame corde\u00a0\u00bb<\/span><\/span><\/li>\n<li><span style=\"font-family: lucida sans unicode,lucida grande,sans-serif;\"><span style=\"font-size: 16px;\"><strong>La clart\u00e9 des objectifs:<\/strong> \u00ab\u00a0savoir o\u00f9 l&rsquo;on va\u00a0\u00bb<\/span><\/span><\/li>\n<li><span style=\"font-family: lucida sans unicode,lucida grande,sans-serif;\"><span style=\"font-size: 16px;\"><strong>L&rsquo;ouverture: <\/strong>\u00ab\u00a0\u00eatre \u00e0 l&rsquo;\u00e9coute\u00a0\u00bb<\/span><\/span><\/li>\n<li><span style=\"font-family: lucida sans unicode,lucida grande,sans-serif;\"><span style=\"font-size: 16px;\"><strong>La justesse:<\/strong> \u00ab\u00a0savoir agir en fonction de la situation<\/span><\/span><span style=\"font-family: lucida sans unicode,lucida grande,sans-serif;\"><span style=\"font-size: 16px;\">\u00ab\u00a0<\/span><\/span><\/li>\n<li><span style=\"font-family: lucida sans unicode,lucida grande,sans-serif;\"><span style=\"font-size: 16px; line-height: 1.538em;\"><strong>La responsabilit\u00e9:<\/strong> \u00ab\u00a0<\/span><\/span><span style=\"font-family: lucida sans unicode,lucida grande,sans-serif;\"><span style=\"font-size: 16px; line-height: 1.538em;\">assumer les r\u00e9sultats obtenus\u00a0\u00bb<\/span><\/span><\/li>\n<li><span style=\"font-family: lucida sans unicode,lucida grande,sans-serif;\"><span style=\"font-size: 16px;\"><strong>L&rsquo;autonomie:<\/strong> \u00ab\u00a0\u00eatre libre dans le groupe\u00a0\u00bb<\/span><\/span><\/li>\n<\/ol>\n<p style=\"text-align: justify;\"><span style=\"font-family: lucida sans unicode,lucida grande,sans-serif;\"><span style=\"font-size: 16px;\">V<\/span><\/span><span style=\"font-family: lucida sans unicode,lucida grande,sans-serif;\"><span style=\"font-size: 16px;\">ous pouvez compl\u00e9ter, modifier ou supprimer certains \u00e9l\u00e9ments, afin que cela corresponde v\u00e9ritablement \u00e0 vos propres valeurs.<\/span><\/span><\/p>\n<p style=\"text-align: center;\"><span style=\"font-family: lucida sans unicode,lucida grande,sans-serif;\"><strong><span style=\"font-size: 20px;\">AUTO-COACHING<\/span><\/strong><\/span><\/p>\n<p style=\"text-align: justify;\"><span style=\"font-family: lucida sans unicode,lucida grande,sans-serif;\"><span style=\"font-size: 16px;\">Le but de cette <a href=\"http:\/\/www.hr4free.com\/PDF_Files\/Fiche_autocoaching_Definition_valeurs.pdf\" target=\"_blank\" rel=\"noopener noreferrer\"><strong>fiche d&rsquo;auto-coaching (exercices)<\/strong><\/a> est de vous accompagner dans la d\u00e9finition de vos valeurs, en tenant compte de votre r\u00e9alit\u00e9 professionnelle, de vos d\u00e9sirs et de vos propres valeurs en tant qu&rsquo;\u00eatre humain.<\/span><\/span><\/p>\n<p style=\"text-align: justify;\"><em><span style=\"font-family: lucida sans unicode,lucida grande,sans-serif;\">Cette fiche est extraite du chapitre 10 du livre Le Management Par le Coaching, le cadre \u00e0 la recherche de ses rep\u00e8res.<\/span><\/em><\/p>\n<p style=\"text-align: justify;\"><a style=\"font-family: 'lucida sans unicode', 'lucida grande', sans-serif; font-size: 16px; line-height: 1.538em;\" href=\"https:\/\/hr4free.com\/fr\/Management-Par-le-Coaching\/Fiches-auto-coaching-MPC\"><strong>Fiches d&rsquo;auto-coaching &#8211; Menu principal<\/strong><\/a><\/p>\n","protected":false},"excerpt":{"rendered":"<p>Dans un contexte de mondialisation et de changements \u00e9conomiques rapides, d\u00e9velopper des rep\u00e8res forts repr\u00e9sente un atout incontestable pour l&rsquo;entreprise.\u00a0Le cadre peut y contribuer en renfor\u00e7ant les valeurs professionnelles qui lui tiennent \u00e0 c\u0153ur. Voici sept valeurs de base pour l&rsquo;application du MPC, dont le but est d&rsquo;allier d\u00e9veloppement humain et succ\u00e8s mat\u00e9riel de l&rsquo;entreprise: [&hellip;]<\/p>\n","protected":false},"author":3,"featured_media":0,"parent":0,"menu_order":0,"comment_status":"closed","ping_status":"closed","template":"","meta":{"footnotes":""},"class_list":["post-1103","page","type-page","status-publish","hentry"],"yoast_head":"<!-- This site is optimized with the Yoast SEO plugin v28.4 - https:\/\/yoast.com\/product\/yoast-seo-wordpress\/ -->\n<title>Identifier et d\u00e9finir ses valeurs professionnelles - HR4Free<\/title>\n<meta name=\"robots\" content=\"noindex, follow, max-snippet:-1, max-image-preview:large, max-video-preview:-1\" \/>\n<meta property=\"og:locale\" content=\"fr_FR\" \/>\n<meta property=\"og:type\" content=\"article\" \/>\n<meta property=\"og:title\" content=\"Identifier et d\u00e9finir ses valeurs professionnelles - HR4Free\" \/>\n<meta property=\"og:description\" content=\"Dans un contexte de mondialisation et de changements \u00e9conomiques rapides, d\u00e9velopper des rep\u00e8res forts repr\u00e9sente un atout incontestable pour l&rsquo;entreprise.\u00a0Le cadre peut y contribuer en renfor\u00e7ant les valeurs professionnelles qui lui tiennent \u00e0 c\u0153ur. Voici sept valeurs de base pour l&rsquo;application du MPC, dont le but est d&rsquo;allier d\u00e9veloppement humain et succ\u00e8s mat\u00e9riel de l&rsquo;entreprise: [&hellip;]\" \/>\n<meta property=\"og:url\" content=\"https:\/\/hr4free.com\/fr\/Management-Par-le-Coaching\/Fiches-auto-coaching-MPC\/Valeurs-professionnelles-du-cadre\/\" \/>\n<meta property=\"og:site_name\" content=\"HR4Free\" \/>\n<meta property=\"article:modified_time\" content=\"2022-08-26T17:48:55+00:00\" \/>\n<meta property=\"og:image\" content=\"http:\/\/www.promind.ch\/sites\/default\/files\/images\/livre1.jpg\" \/>\n<meta name=\"twitter:card\" content=\"summary_large_image\" \/>\n<meta name=\"twitter:label1\" content=\"Dur\u00e9e de lecture estim\u00e9e\" \/>\n\t<meta name=\"twitter:data1\" content=\"1 minute\" \/>\n<script type=\"application\/ld+json\" class=\"yoast-schema-graph\">{\"@context\":\"https:\\\/\\\/schema.org\",\"@graph\":[{\"@type\":\"WebPage\",\"@id\":\"https:\\\/\\\/hr4free.com\\\/fr\\\/Management-Par-le-Coaching\\\/Fiches-auto-coaching-MPC\\\/Valeurs-professionnelles-du-cadre\\\/\",\"url\":\"https:\\\/\\\/hr4free.com\\\/fr\\\/Management-Par-le-Coaching\\\/Fiches-auto-coaching-MPC\\\/Valeurs-professionnelles-du-cadre\\\/\",\"name\":\"Identifier et d\u00e9finir ses valeurs professionnelles - HR4Free\",\"isPartOf\":{\"@id\":\"https:\\\/\\\/hr4free.com\\\/fr\\\/#website\"},\"primaryImageOfPage\":{\"@id\":\"https:\\\/\\\/hr4free.com\\\/fr\\\/Management-Par-le-Coaching\\\/Fiches-auto-coaching-MPC\\\/Valeurs-professionnelles-du-cadre\\\/#primaryimage\"},\"image\":{\"@id\":\"https:\\\/\\\/hr4free.com\\\/fr\\\/Management-Par-le-Coaching\\\/Fiches-auto-coaching-MPC\\\/Valeurs-professionnelles-du-cadre\\\/#primaryimage\"},\"thumbnailUrl\":\"http:\\\/\\\/www.promind.ch\\\/sites\\\/default\\\/files\\\/images\\\/livre1.jpg\",\"datePublished\":\"2019-05-08T13:06:34+00:00\",\"dateModified\":\"2022-08-26T17:48:55+00:00\",\"breadcrumb\":{\"@id\":\"https:\\\/\\\/hr4free.com\\\/fr\\\/Management-Par-le-Coaching\\\/Fiches-auto-coaching-MPC\\\/Valeurs-professionnelles-du-cadre\\\/#breadcrumb\"},\"inLanguage\":\"fr-FR\",\"potentialAction\":[{\"@type\":\"ReadAction\",\"target\":[\"https:\\\/\\\/hr4free.com\\\/fr\\\/Management-Par-le-Coaching\\\/Fiches-auto-coaching-MPC\\\/Valeurs-professionnelles-du-cadre\\\/\"]}]},{\"@type\":\"ImageObject\",\"inLanguage\":\"fr-FR\",\"@id\":\"https:\\\/\\\/hr4free.com\\\/fr\\\/Management-Par-le-Coaching\\\/Fiches-auto-coaching-MPC\\\/Valeurs-professionnelles-du-cadre\\\/#primaryimage\",\"url\":\"http:\\\/\\\/www.promind.ch\\\/sites\\\/default\\\/files\\\/images\\\/livre1.jpg\",\"contentUrl\":\"http:\\\/\\\/www.promind.ch\\\/sites\\\/default\\\/files\\\/images\\\/livre1.jpg\"},{\"@type\":\"BreadcrumbList\",\"@id\":\"https:\\\/\\\/hr4free.com\\\/fr\\\/Management-Par-le-Coaching\\\/Fiches-auto-coaching-MPC\\\/Valeurs-professionnelles-du-cadre\\\/#breadcrumb\",\"itemListElement\":[{\"@type\":\"ListItem\",\"position\":1,\"name\":\"Accueil\",\"item\":\"https:\\\/\\\/hr4free.com\\\/fr\\\/\"},{\"@type\":\"ListItem\",\"position\":2,\"name\":\"Identifier et d\u00e9finir ses valeurs professionnelles\"}]},{\"@type\":\"WebSite\",\"@id\":\"https:\\\/\\\/hr4free.com\\\/fr\\\/#website\",\"url\":\"https:\\\/\\\/hr4free.com\\\/fr\\\/\",\"name\":\"HR4Free\",\"description\":\"\",\"potentialAction\":[{\"@type\":\"SearchAction\",\"target\":{\"@type\":\"EntryPoint\",\"urlTemplate\":\"https:\\\/\\\/hr4free.com\\\/fr\\\/?s={search_term_string}\"},\"query-input\":{\"@type\":\"PropertyValueSpecification\",\"valueRequired\":true,\"valueName\":\"search_term_string\"}}],\"inLanguage\":\"fr-FR\"}]}<\/script>\n<!-- \/ Yoast SEO plugin. -->","yoast_head_json":{"title":"Identifier et d\u00e9finir ses valeurs professionnelles - HR4Free","robots":{"index":"noindex","follow":"follow","max-snippet":"max-snippet:-1","max-image-preview":"max-image-preview:large","max-video-preview":"max-video-preview:-1"},"og_locale":"fr_FR","og_type":"article","og_title":"Identifier et d\u00e9finir ses valeurs professionnelles - HR4Free","og_description":"Dans un contexte de mondialisation et de changements \u00e9conomiques rapides, d\u00e9velopper des rep\u00e8res forts repr\u00e9sente un atout incontestable pour l&rsquo;entreprise.\u00a0Le cadre peut y contribuer en renfor\u00e7ant les valeurs professionnelles qui lui tiennent \u00e0 c\u0153ur. Voici sept valeurs de base pour l&rsquo;application du MPC, dont le but est d&rsquo;allier d\u00e9veloppement humain et succ\u00e8s mat\u00e9riel de l&rsquo;entreprise: [&hellip;]","og_url":"https:\/\/hr4free.com\/fr\/Management-Par-le-Coaching\/Fiches-auto-coaching-MPC\/Valeurs-professionnelles-du-cadre\/","og_site_name":"HR4Free","article_modified_time":"2022-08-26T17:48:55+00:00","og_image":[{"url":"http:\/\/www.promind.ch\/sites\/default\/files\/images\/livre1.jpg","type":"","width":"","height":""}],"twitter_card":"summary_large_image","twitter_misc":{"Dur\u00e9e de lecture estim\u00e9e":"1 minute"},"schema":{"@context":"https:\/\/schema.org","@graph":[{"@type":"WebPage","@id":"https:\/\/hr4free.com\/fr\/Management-Par-le-Coaching\/Fiches-auto-coaching-MPC\/Valeurs-professionnelles-du-cadre\/","url":"https:\/\/hr4free.com\/fr\/Management-Par-le-Coaching\/Fiches-auto-coaching-MPC\/Valeurs-professionnelles-du-cadre\/","name":"Identifier et d\u00e9finir ses valeurs professionnelles - HR4Free","isPartOf":{"@id":"https:\/\/hr4free.com\/fr\/#website"},"primaryImageOfPage":{"@id":"https:\/\/hr4free.com\/fr\/Management-Par-le-Coaching\/Fiches-auto-coaching-MPC\/Valeurs-professionnelles-du-cadre\/#primaryimage"},"image":{"@id":"https:\/\/hr4free.com\/fr\/Management-Par-le-Coaching\/Fiches-auto-coaching-MPC\/Valeurs-professionnelles-du-cadre\/#primaryimage"},"thumbnailUrl":"http:\/\/www.promind.ch\/sites\/default\/files\/images\/livre1.jpg","datePublished":"2019-05-08T13:06:34+00:00","dateModified":"2022-08-26T17:48:55+00:00","breadcrumb":{"@id":"https:\/\/hr4free.com\/fr\/Management-Par-le-Coaching\/Fiches-auto-coaching-MPC\/Valeurs-professionnelles-du-cadre\/#breadcrumb"},"inLanguage":"fr-FR","potentialAction":[{"@type":"ReadAction","target":["https:\/\/hr4free.com\/fr\/Management-Par-le-Coaching\/Fiches-auto-coaching-MPC\/Valeurs-professionnelles-du-cadre\/"]}]},{"@type":"ImageObject","inLanguage":"fr-FR","@id":"https:\/\/hr4free.com\/fr\/Management-Par-le-Coaching\/Fiches-auto-coaching-MPC\/Valeurs-professionnelles-du-cadre\/#primaryimage","url":"http:\/\/www.promind.ch\/sites\/default\/files\/images\/livre1.jpg","contentUrl":"http:\/\/www.promind.ch\/sites\/default\/files\/images\/livre1.jpg"},{"@type":"BreadcrumbList","@id":"https:\/\/hr4free.com\/fr\/Management-Par-le-Coaching\/Fiches-auto-coaching-MPC\/Valeurs-professionnelles-du-cadre\/#breadcrumb","itemListElement":[{"@type":"ListItem","position":1,"name":"Accueil","item":"https:\/\/hr4free.com\/fr\/"},{"@type":"ListItem","position":2,"name":"Identifier et d\u00e9finir ses valeurs professionnelles"}]},{"@type":"WebSite","@id":"https:\/\/hr4free.com\/fr\/#website","url":"https:\/\/hr4free.com\/fr\/","name":"HR4Free","description":"","potentialAction":[{"@type":"SearchAction","target":{"@type":"EntryPoint","urlTemplate":"https:\/\/hr4free.com\/fr\/?s={search_term_string}"},"query-input":{"@type":"PropertyValueSpecification","valueRequired":true,"valueName":"search_term_string"}}],"inLanguage":"fr-FR"}]}},"_links":{"self":[{"href":"https:\/\/hr4free.com\/fr\/wp-json\/wp\/v2\/pages\/1103","targetHints":{"allow":["GET"]}}],"collection":[{"href":"https:\/\/hr4free.com\/fr\/wp-json\/wp\/v2\/pages"}],"about":[{"href":"https:\/\/hr4free.com\/fr\/wp-json\/wp\/v2\/types\/page"}],"author":[{"embeddable":true,"href":"https:\/\/hr4free.com\/fr\/wp-json\/wp\/v2\/users\/3"}],"replies":[{"embeddable":true,"href":"https:\/\/hr4free.com\/fr\/wp-json\/wp\/v2\/comments?post=1103"}],"version-history":[{"count":3,"href":"https:\/\/hr4free.com\/fr\/wp-json\/wp\/v2\/pages\/1103\/revisions"}],"predecessor-version":[{"id":5116,"href":"https:\/\/hr4free.com\/fr\/wp-json\/wp\/v2\/pages\/1103\/revisions\/5116"}],"wp:attachment":[{"href":"https:\/\/hr4free.com\/fr\/wp-json\/wp\/v2\/media?parent=1103"}],"curies":[{"name":"wp","href":"https:\/\/api.w.org\/{rel}","templated":true}]}}