{"id":1101,"date":"2019-05-08T13:04:47","date_gmt":"2019-05-08T13:04:47","guid":{"rendered":"http:\/\/hr4free.web-romandie.ch\/?page_id=1101"},"modified":"2022-08-26T17:47:39","modified_gmt":"2022-08-26T17:47:39","slug":"definissez-votre-espace-professionnel","status":"publish","type":"page","link":"https:\/\/hr4free.com\/fr\/Management-Par-le-Coaching\/Fiches-auto-coaching-MPC\/Espace-professionnel-du-cadre","title":{"rendered":"D\u00e9finissez votre espace professionnel"},"content":{"rendered":"<p><span style=\"text-decoration: underline;\"><span style=\"font-family: lucida sans unicode,lucida grande,sans-serif;\"><a style=\"text-align: justify;\" href=\"https:\/\/hr4free.com\/fr\/Management-Par-le-Coaching\/Livre-MPC&#x2122;\" target=\"_blank\" rel=\"noopener noreferrer\"><img decoding=\"async\" class=\"yui-img\" style=\"margin: 5px;\" src=\"http:\/\/www.promind.ch\/sites\/default\/files\/images\/livre1.jpg\" alt=\"\" align=\"right\" \/><\/a><\/span><\/span><span style=\"font-family: lucida sans unicode,lucida grande,sans-serif;\"><span style=\"font-size: 16px; line-height: 1.538em;\">Tout \u00eatre humain, a un bes\u200boin vital de se rep\u00e9rer dans l&rsquo;espace, afin de pouvoir d\u00e9velopper son ancrage dans l&rsquo;entreprise. L&rsquo;espace professionnel\u00a0est constitu\u00e9 aussi bien du territoire g\u00e9ographique dans lequel \u00e9voluent le cadre et son organisation, que de ses partenaires socio-\u00e9conomiques, concurrents, clients, coll\u00e8gues, collaborateurs&#8230;<\/span><\/span><\/p>\n<p><span style=\"font-family: lucida sans unicode,lucida grande,sans-serif;\"><span style=\"font-size: 16px;\"><strong><a href=\"http:\/\/www.hr4free.com\/PDF_Files\/Fiche_autocoaching_Espace_professionnel_cadre.pdf\" target=\"_blank\" rel=\"noopener noreferrer\">L&rsquo;espace professionnel (illustration)<\/a><\/strong> peut \u00eatre s\u00e9par\u00e9 en 3 niveaux, qui sont li\u00e9s:<\/span><\/span><\/p>\n<ol>\n<li><span style=\"font-family: lucida sans unicode,lucida grande,sans-serif;\"><span style=\"font-size: 16px;\"><span style=\"line-height: 1.538em;\"><strong>L&rsquo;espace \u00e9conomique: <\/strong>l&rsquo;espace \u00e9conomique du cadre se compose, d&rsquo;une part, du march\u00e9 dans lequel \u00e9volue son entreprise et, d&rsquo;autre part, du secteur d&rsquo;activit\u00e9s sp\u00e9cifique \u00e0 son m\u00e9tier. Par exemple, l&rsquo;espace professionnel d&rsquo;un informaticien actif dans une compagnie de vente par correspondance se compose aussi bien du march\u00e9 de son entreprise que du monde de l&rsquo;informatique.<\/span><\/span><\/span><\/li>\n<li><span style=\"font-family: lucida sans unicode,lucida grande,sans-serif;\"><span style=\"font-size: 16px;\"><span style=\"line-height: 1.538em;\"><strong>L&rsquo;espace de l&rsquo;organisation: <\/strong>ceci englobe aussi bien les sites d&rsquo;implantation et la zone g\u00e9ographique sur laquelle sont situ\u00e9s les clients et fournisseurs de l&rsquo;entreprise (espace \u00ab\u00a0externe\u00a0\u00bb) que les processus et l&rsquo;environnement physique dans lequel \u00e9voluent les collaborateurs de l&rsquo;entreprise (espace \u00ab\u00a0interne\u00a0\u00bb).<\/span><\/span><\/span><\/li>\n<li><span style=\"font-family: lucida sans unicode,lucida grande,sans-serif;\"><span style=\"font-size: 16px; line-height: 1.538em;\"><strong>L&rsquo;espace de la place de travail: <\/strong>avec mobilit\u00e9 de plus en plus grande qui est demand\u00e9e, les cadres en particulier &#8211; mais pas seulement eux! &#8211; apprennent \u00e0 travailler n&rsquo;importe o\u00f9: train, avion, h\u00f4tel, restaurant&#8230; Il est donc n\u00e9cessaire de savoir o\u00f9 fixer les limites entre vie priv\u00e9e et vie professionnelle: \u00eatre ou non atteignable le week-end sur son portable? recevoir ou non son son courrier \u00e9lectronique \u00e0 la maison? C&rsquo;est un choix qui n&rsquo;est pas sans effet sur la vie familiale!<\/span><\/span><\/li>\n<\/ol>\n<p style=\"text-align: center;\"><span style=\"font-family: lucida sans unicode,lucida grande,sans-serif;\"><span style=\"font-size: 20px;\"><strong>AUTO-COACHING<\/strong><\/span><\/span><\/p>\n<p><span style=\"font-family: lucida sans unicode,lucida grande,sans-serif;\"><span style=\"font-size: 16px;\">Le but de cette <strong><a href=\"http:\/\/www.hr4free.com\/PDF_Files\/Fiche_autocoaching_Espace_professionnel_du_cadre.pdf\" target=\"_blank\" rel=\"noopener noreferrer\">fiche d&rsquo;autocoaching (exercices)<\/a><\/strong> est d&rsquo;analyser votre espace professionnel pour mieux le comprendre et, si possible, l&rsquo;am\u00e9liorer.\u00a0<\/span><\/span><\/p>\n<p><span style=\"font-family: lucida sans unicode,lucida grande,sans-serif;\"><span style=\"font-size: 16px;\">Annexe pour l&rsquo;exercice 3:<\/span><\/span><\/p>\n<ul>\n<li><span style=\"font-family: lucida sans unicode,lucida grande,sans-serif;\"><strong><span style=\"font-size: 16px;\"><span style=\"line-height: 1.538em;\"><a href=\"http:\/\/www.hr4free.com\/PDF_Files\/Blog_RH_evaluation_criteres.pdf\" target=\"_blank\" rel=\"noopener noreferrer\">Liste de comp\u00e9tences comportementales (exemple)<\/a><\/span><\/span><\/strong><\/span><\/li>\n<\/ul>\n<p><em><span style=\"font-family: lucida sans unicode,lucida grande,sans-serif;\">Cette fiche est extraite du chapitre 2 du livre <a href=\"https:\/\/hr4free.com\/fr\/Management-Par-le-Coaching\/Livre-MPC&#x2122;\" target=\"_blank\" rel=\"noopener noreferrer\">Le Management Par le Coaching, le cadre \u00e0 la recherche de ses rep\u00e8res<\/a>.<\/span><\/em><\/p>\n<div style=\"text-align: justify;\"><\/div>\n<div style=\"text-align: justify;\"><a style=\"font-family: 'lucida sans unicode', 'lucida grande', sans-serif; font-size: 16px; line-height: 1.538em;\" href=\"https:\/\/hr4free.com\/fr\/Management-Par-le-Coaching\/Fiches-auto-coaching-MPC\"><strong>Fiches d&rsquo;auto-coaching &#8211; Menu principal<\/strong><\/a><\/div>\n","protected":false},"excerpt":{"rendered":"<p>Tout \u00eatre humain, a un bes\u200boin vital de se rep\u00e9rer dans l&rsquo;espace, afin de pouvoir d\u00e9velopper son ancrage dans l&rsquo;entreprise. L&rsquo;espace professionnel\u00a0est constitu\u00e9 aussi bien du territoire g\u00e9ographique dans lequel \u00e9voluent le cadre et son organisation, que de ses partenaires socio-\u00e9conomiques, concurrents, clients, coll\u00e8gues, collaborateurs&#8230; L&rsquo;espace professionnel (illustration) peut \u00eatre s\u00e9par\u00e9 en 3 niveaux, qui [&hellip;]<\/p>\n","protected":false},"author":3,"featured_media":0,"parent":0,"menu_order":0,"comment_status":"closed","ping_status":"closed","template":"","meta":{"footnotes":""},"class_list":["post-1101","page","type-page","status-publish","hentry"],"yoast_head":"<!-- This site is optimized with the Yoast SEO plugin v28.4 - https:\/\/yoast.com\/product\/yoast-seo-wordpress\/ -->\n<title>D\u00e9finissez votre espace professionnel - HR4Free<\/title>\n<meta name=\"robots\" content=\"noindex, follow, max-snippet:-1, max-image-preview:large, max-video-preview:-1\" \/>\n<meta property=\"og:locale\" content=\"fr_FR\" \/>\n<meta property=\"og:type\" content=\"article\" \/>\n<meta property=\"og:title\" content=\"D\u00e9finissez votre espace professionnel - HR4Free\" \/>\n<meta property=\"og:description\" content=\"Tout \u00eatre humain, a un bes\u200boin vital de se rep\u00e9rer dans l&rsquo;espace, afin de pouvoir d\u00e9velopper son ancrage dans l&rsquo;entreprise. L&rsquo;espace professionnel\u00a0est constitu\u00e9 aussi bien du territoire g\u00e9ographique dans lequel \u00e9voluent le cadre et son organisation, que de ses partenaires socio-\u00e9conomiques, concurrents, clients, coll\u00e8gues, collaborateurs&#8230; L&rsquo;espace professionnel (illustration) peut \u00eatre s\u00e9par\u00e9 en 3 niveaux, qui [&hellip;]\" \/>\n<meta property=\"og:url\" content=\"https:\/\/hr4free.com\/fr\/Management-Par-le-Coaching\/Fiches-auto-coaching-MPC\/Espace-professionnel-du-cadre\/\" \/>\n<meta property=\"og:site_name\" content=\"HR4Free\" \/>\n<meta property=\"article:modified_time\" content=\"2022-08-26T17:47:39+00:00\" \/>\n<meta property=\"og:image\" content=\"http:\/\/www.promind.ch\/sites\/default\/files\/images\/livre1.jpg\" \/>\n<meta name=\"twitter:card\" content=\"summary_large_image\" \/>\n<meta name=\"twitter:label1\" content=\"Dur\u00e9e de lecture estim\u00e9e\" \/>\n\t<meta name=\"twitter:data1\" content=\"2 minutes\" \/>\n<script type=\"application\/ld+json\" class=\"yoast-schema-graph\">{\"@context\":\"https:\\\/\\\/schema.org\",\"@graph\":[{\"@type\":\"WebPage\",\"@id\":\"https:\\\/\\\/hr4free.com\\\/fr\\\/Management-Par-le-Coaching\\\/Fiches-auto-coaching-MPC\\\/Espace-professionnel-du-cadre\\\/\",\"url\":\"https:\\\/\\\/hr4free.com\\\/fr\\\/Management-Par-le-Coaching\\\/Fiches-auto-coaching-MPC\\\/Espace-professionnel-du-cadre\\\/\",\"name\":\"D\u00e9finissez votre espace professionnel - HR4Free\",\"isPartOf\":{\"@id\":\"https:\\\/\\\/hr4free.com\\\/fr\\\/#website\"},\"primaryImageOfPage\":{\"@id\":\"https:\\\/\\\/hr4free.com\\\/fr\\\/Management-Par-le-Coaching\\\/Fiches-auto-coaching-MPC\\\/Espace-professionnel-du-cadre\\\/#primaryimage\"},\"image\":{\"@id\":\"https:\\\/\\\/hr4free.com\\\/fr\\\/Management-Par-le-Coaching\\\/Fiches-auto-coaching-MPC\\\/Espace-professionnel-du-cadre\\\/#primaryimage\"},\"thumbnailUrl\":\"http:\\\/\\\/www.promind.ch\\\/sites\\\/default\\\/files\\\/images\\\/livre1.jpg\",\"datePublished\":\"2019-05-08T13:04:47+00:00\",\"dateModified\":\"2022-08-26T17:47:39+00:00\",\"breadcrumb\":{\"@id\":\"https:\\\/\\\/hr4free.com\\\/fr\\\/Management-Par-le-Coaching\\\/Fiches-auto-coaching-MPC\\\/Espace-professionnel-du-cadre\\\/#breadcrumb\"},\"inLanguage\":\"fr-FR\",\"potentialAction\":[{\"@type\":\"ReadAction\",\"target\":[\"https:\\\/\\\/hr4free.com\\\/fr\\\/Management-Par-le-Coaching\\\/Fiches-auto-coaching-MPC\\\/Espace-professionnel-du-cadre\\\/\"]}]},{\"@type\":\"ImageObject\",\"inLanguage\":\"fr-FR\",\"@id\":\"https:\\\/\\\/hr4free.com\\\/fr\\\/Management-Par-le-Coaching\\\/Fiches-auto-coaching-MPC\\\/Espace-professionnel-du-cadre\\\/#primaryimage\",\"url\":\"http:\\\/\\\/www.promind.ch\\\/sites\\\/default\\\/files\\\/images\\\/livre1.jpg\",\"contentUrl\":\"http:\\\/\\\/www.promind.ch\\\/sites\\\/default\\\/files\\\/images\\\/livre1.jpg\"},{\"@type\":\"BreadcrumbList\",\"@id\":\"https:\\\/\\\/hr4free.com\\\/fr\\\/Management-Par-le-Coaching\\\/Fiches-auto-coaching-MPC\\\/Espace-professionnel-du-cadre\\\/#breadcrumb\",\"itemListElement\":[{\"@type\":\"ListItem\",\"position\":1,\"name\":\"Accueil\",\"item\":\"https:\\\/\\\/hr4free.com\\\/fr\\\/\"},{\"@type\":\"ListItem\",\"position\":2,\"name\":\"D\u00e9finissez votre espace professionnel\"}]},{\"@type\":\"WebSite\",\"@id\":\"https:\\\/\\\/hr4free.com\\\/fr\\\/#website\",\"url\":\"https:\\\/\\\/hr4free.com\\\/fr\\\/\",\"name\":\"HR4Free\",\"description\":\"\",\"potentialAction\":[{\"@type\":\"SearchAction\",\"target\":{\"@type\":\"EntryPoint\",\"urlTemplate\":\"https:\\\/\\\/hr4free.com\\\/fr\\\/?s={search_term_string}\"},\"query-input\":{\"@type\":\"PropertyValueSpecification\",\"valueRequired\":true,\"valueName\":\"search_term_string\"}}],\"inLanguage\":\"fr-FR\"}]}<\/script>\n<!-- \/ Yoast SEO plugin. -->","yoast_head_json":{"title":"D\u00e9finissez votre espace professionnel - HR4Free","robots":{"index":"noindex","follow":"follow","max-snippet":"max-snippet:-1","max-image-preview":"max-image-preview:large","max-video-preview":"max-video-preview:-1"},"og_locale":"fr_FR","og_type":"article","og_title":"D\u00e9finissez votre espace professionnel - HR4Free","og_description":"Tout \u00eatre humain, a un bes\u200boin vital de se rep\u00e9rer dans l&rsquo;espace, afin de pouvoir d\u00e9velopper son ancrage dans l&rsquo;entreprise. L&rsquo;espace professionnel\u00a0est constitu\u00e9 aussi bien du territoire g\u00e9ographique dans lequel \u00e9voluent le cadre et son organisation, que de ses partenaires socio-\u00e9conomiques, concurrents, clients, coll\u00e8gues, collaborateurs&#8230; L&rsquo;espace professionnel (illustration) peut \u00eatre s\u00e9par\u00e9 en 3 niveaux, qui [&hellip;]","og_url":"https:\/\/hr4free.com\/fr\/Management-Par-le-Coaching\/Fiches-auto-coaching-MPC\/Espace-professionnel-du-cadre\/","og_site_name":"HR4Free","article_modified_time":"2022-08-26T17:47:39+00:00","og_image":[{"url":"http:\/\/www.promind.ch\/sites\/default\/files\/images\/livre1.jpg","type":"","width":"","height":""}],"twitter_card":"summary_large_image","twitter_misc":{"Dur\u00e9e de lecture estim\u00e9e":"2 minutes"},"schema":{"@context":"https:\/\/schema.org","@graph":[{"@type":"WebPage","@id":"https:\/\/hr4free.com\/fr\/Management-Par-le-Coaching\/Fiches-auto-coaching-MPC\/Espace-professionnel-du-cadre\/","url":"https:\/\/hr4free.com\/fr\/Management-Par-le-Coaching\/Fiches-auto-coaching-MPC\/Espace-professionnel-du-cadre\/","name":"D\u00e9finissez votre espace professionnel - HR4Free","isPartOf":{"@id":"https:\/\/hr4free.com\/fr\/#website"},"primaryImageOfPage":{"@id":"https:\/\/hr4free.com\/fr\/Management-Par-le-Coaching\/Fiches-auto-coaching-MPC\/Espace-professionnel-du-cadre\/#primaryimage"},"image":{"@id":"https:\/\/hr4free.com\/fr\/Management-Par-le-Coaching\/Fiches-auto-coaching-MPC\/Espace-professionnel-du-cadre\/#primaryimage"},"thumbnailUrl":"http:\/\/www.promind.ch\/sites\/default\/files\/images\/livre1.jpg","datePublished":"2019-05-08T13:04:47+00:00","dateModified":"2022-08-26T17:47:39+00:00","breadcrumb":{"@id":"https:\/\/hr4free.com\/fr\/Management-Par-le-Coaching\/Fiches-auto-coaching-MPC\/Espace-professionnel-du-cadre\/#breadcrumb"},"inLanguage":"fr-FR","potentialAction":[{"@type":"ReadAction","target":["https:\/\/hr4free.com\/fr\/Management-Par-le-Coaching\/Fiches-auto-coaching-MPC\/Espace-professionnel-du-cadre\/"]}]},{"@type":"ImageObject","inLanguage":"fr-FR","@id":"https:\/\/hr4free.com\/fr\/Management-Par-le-Coaching\/Fiches-auto-coaching-MPC\/Espace-professionnel-du-cadre\/#primaryimage","url":"http:\/\/www.promind.ch\/sites\/default\/files\/images\/livre1.jpg","contentUrl":"http:\/\/www.promind.ch\/sites\/default\/files\/images\/livre1.jpg"},{"@type":"BreadcrumbList","@id":"https:\/\/hr4free.com\/fr\/Management-Par-le-Coaching\/Fiches-auto-coaching-MPC\/Espace-professionnel-du-cadre\/#breadcrumb","itemListElement":[{"@type":"ListItem","position":1,"name":"Accueil","item":"https:\/\/hr4free.com\/fr\/"},{"@type":"ListItem","position":2,"name":"D\u00e9finissez votre espace professionnel"}]},{"@type":"WebSite","@id":"https:\/\/hr4free.com\/fr\/#website","url":"https:\/\/hr4free.com\/fr\/","name":"HR4Free","description":"","potentialAction":[{"@type":"SearchAction","target":{"@type":"EntryPoint","urlTemplate":"https:\/\/hr4free.com\/fr\/?s={search_term_string}"},"query-input":{"@type":"PropertyValueSpecification","valueRequired":true,"valueName":"search_term_string"}}],"inLanguage":"fr-FR"}]}},"_links":{"self":[{"href":"https:\/\/hr4free.com\/fr\/wp-json\/wp\/v2\/pages\/1101","targetHints":{"allow":["GET"]}}],"collection":[{"href":"https:\/\/hr4free.com\/fr\/wp-json\/wp\/v2\/pages"}],"about":[{"href":"https:\/\/hr4free.com\/fr\/wp-json\/wp\/v2\/types\/page"}],"author":[{"embeddable":true,"href":"https:\/\/hr4free.com\/fr\/wp-json\/wp\/v2\/users\/3"}],"replies":[{"embeddable":true,"href":"https:\/\/hr4free.com\/fr\/wp-json\/wp\/v2\/comments?post=1101"}],"version-history":[{"count":3,"href":"https:\/\/hr4free.com\/fr\/wp-json\/wp\/v2\/pages\/1101\/revisions"}],"predecessor-version":[{"id":5114,"href":"https:\/\/hr4free.com\/fr\/wp-json\/wp\/v2\/pages\/1101\/revisions\/5114"}],"wp:attachment":[{"href":"https:\/\/hr4free.com\/fr\/wp-json\/wp\/v2\/media?parent=1101"}],"curies":[{"name":"wp","href":"https:\/\/api.w.org\/{rel}","templated":true}]}}